{"id":178,"date":"2023-03-23T12:10:37","date_gmt":"2023-03-23T12:10:37","guid":{"rendered":"https:\/\/www.black-hill.cz\/?page_id=178"},"modified":"2023-05-21T13:53:03","modified_gmt":"2023-05-21T13:53:03","slug":"vylety-po-okoli","status":"publish","type":"page","link":"https:\/\/www.black-hill.cz\/?page_id=178","title":{"rendered":"V\u00fdlety po okol\u00ed"},"content":{"rendered":"<p>[et_pb_section fb_built=&#8220;1&#8243; fullwidth=&#8220;on&#8220; _builder_version=&#8220;4.20.2&#8243; _module_preset=&#8220;default&#8220; background_color=&#8220;RGBA(255,255,255,0)&#8220; background_image=&#8220;http:\/\/www.black-hill.cz\/wp-content\/uploads\/2023\/03\/hiking-paralax.jpg&#8220; parallax=&#8220;on&#8220; height=&#8220;850px&#8220; global_colors_info=&#8220;{}&#8220;][et_pb_fullwidth_header title=&#8220;V\u00fdlety po okol\u00ed&#8220; text_orientation=&#8220;center&#8220; button_one_text=&#8220;Zima&#8220; button_one_url=&#8220;#zima&#8220; button_two_text=&#8220;L\u00e9to&#8220; button_two_url=&#8220;#leto&#8220; _builder_version=&#8220;4.20.2&#8243; _module_preset=&#8220;default&#8220; title_font=&#8220;||||||||&#8220; title_text_color=&#8220;#AB814F&#8220; title_font_size=&#8220;60px&#8220; background_color=&#8220;RGBA(255,255,255,0)&#8220; custom_button_one=&#8220;on&#8220; button_one_bg_color=&#8220;rgba(102,153,204,0.44)&#8220; button_one_border_color=&#8220;#6699CC&#8220; custom_button_two=&#8220;on&#8220; button_two_bg_color=&#8220;rgba(171,129,79,0.66)&#8220; button_two_border_color=&#8220;#AB814F&#8220; custom_padding=&#8220;334px||||false|false&#8220; title_text_shadow_style=&#8220;preset3&#8243; global_colors_info=&#8220;{}&#8220;][\/et_pb_fullwidth_header][\/et_pb_section][et_pb_section fb_built=&#8220;1&#8243; next_background_color=&#8220;#FAF5EF&#8220; _builder_version=&#8220;4.20.2&#8243; _module_preset=&#8220;default&#8220; background_color=&#8220;#FFFFFF&#8220; custom_padding=&#8220;100px||120px||false|false&#8220; bottom_divider_style=&#8220;clouds2&#8243; global_colors_info=&#8220;{}&#8220;][et_pb_row _builder_version=&#8220;4.20.2&#8243; _module_preset=&#8220;default&#8220; custom_margin=&#8220;-76px|auto||auto||&#8220; global_colors_info=&#8220;{}&#8220;][et_pb_column type=&#8220;4_4&#8243; _builder_version=&#8220;4.20.2&#8243; _module_preset=&#8220;default&#8220; global_colors_info=&#8220;{}&#8220;][et_pb_text module_id=&#8220;zima&#8220; _builder_version=&#8220;4.20.2&#8243; _module_preset=&#8220;default&#8220; header_2_text_color=&#8220;#6699CC&#8220; custom_margin=&#8220;29px|||||&#8220; global_colors_info=&#8220;{}&#8220;]<\/p>\n<h2><strong>Zima<\/strong><\/h2>\n<p>[\/et_pb_text][et_pb_text _builder_version=&#8220;4.20.2&#8243; _module_preset=&#8220;default&#8220; global_colors_info=&#8220;{}&#8220;]<\/p>\n<p><strong>Dobr\u00e1 poloha umo\u017e\u0148uje \u0161irok\u00fd v\u00fdb\u011br ly\u017ea\u0159sk\u00fdch st\u0159edisek v okol\u00ed<\/strong>. Mo\u017enost vyu\u017eit\u00ed bezplatn\u00e9ho SkiBusu. Zast\u00e1vka cca 100m od apartm\u00e1n\u016f.<\/p>\n<p><strong>J\u00edzdn\u00ed \u0159\u00e1dy a v\u00edce info:<\/strong> <a href=\"http:\/\/www.skiresort.cz\/cs\/parkoviste-skibusy\/skibusy.html\" target=\"_blank\" rel=\"noopener\">http:\/\/www.skiresort.cz\/cs\/parkoviste-skibusy\/skibusy.html<\/a><\/p>\n<p>[\/et_pb_text][\/et_pb_column][\/et_pb_row][et_pb_row _builder_version=&#8220;4.20.2&#8243; _module_preset=&#8220;default&#8220; global_colors_info=&#8220;{}&#8220;][et_pb_column type=&#8220;4_4&#8243; _builder_version=&#8220;4.20.2&#8243; _module_preset=&#8220;default&#8220; global_colors_info=&#8220;{}&#8220;][et_pb_text _builder_version=&#8220;4.20.2&#8243; _module_preset=&#8220;default&#8220; header_text_color=&#8220;#6699CC&#8220; header_4_text_color=&#8220;#6699CC&#8220; global_colors_info=&#8220;{}&#8220;]<\/p>\n<h4 style=\"text-align: center;\"><strong>SkiResort \u010cern\u00e1 hora -Pec<\/strong><\/h4>\n<p style=\"text-align: center;\">Resort zahrnuj\u00edc\u00ed 37, 6 km sjezdovek.<br \/>v\u00edce info:\u00a0<a href=\"http:\/\/www.skiresort.cz\" target=\"_blank\" rel=\"noopener\">www.skiresort.cz<\/a><\/p>\n<p>[\/et_pb_text][et_pb_code _builder_version=&#8220;4.20.2&#8243; _module_preset=&#8220;default&#8220; global_colors_info=&#8220;{}&#8220;]<iframe loading=\"lazy\" class=\"dynMap\" src=\"https:\/\/intmap.holidayinfo.cz\/webmap.php?mapname=skiresortch\" width=\"100%\" height=\"600px\"><\/iframe>[\/et_pb_code][\/et_pb_column][\/et_pb_row][et_pb_row _builder_version=&#8220;4.20.2&#8243; _module_preset=&#8220;default&#8220; global_colors_info=&#8220;{}&#8220;][et_pb_column type=&#8220;4_4&#8243; _builder_version=&#8220;4.20.2&#8243; _module_preset=&#8220;default&#8220; global_colors_info=&#8220;{}&#8220;][et_pb_text _builder_version=&#8220;4.20.4&#8243; _module_preset=&#8220;default&#8220; header_4_text_color=&#8220;#6699CC&#8220; custom_margin=&#8220;||-4px|||&#8220; hover_enabled=&#8220;0&#8243; global_colors_info=&#8220;{}&#8220; sticky_enabled=&#8220;0&#8243;]<\/p>\n<h4 style=\"text-align: center;\"><strong>LY\u017dA\u0158SK\u00c9 ARE\u00c1LY<\/strong><\/h4>\n<p>[\/et_pb_text][\/et_pb_column][\/et_pb_row][et_pb_row _builder_version=&#8220;4.20.2&#8243; _module_preset=&#8220;default&#8220; custom_padding=&#8220;7px|||||&#8220; global_colors_info=&#8220;{}&#8220;][et_pb_column type=&#8220;4_4&#8243; _builder_version=&#8220;4.20.2&#8243; _module_preset=&#8220;default&#8220; global_colors_info=&#8220;{}&#8220;][et_pb_slider _builder_version=&#8220;4.20.2&#8243; _module_preset=&#8220;default&#8220; global_colors_info=&#8220;{}&#8220;][et_pb_slide heading=&#8220;PEC POD SN\u011a\u017dKOU&#8220; button_text=&#8220;Zaj\u00edm\u00e1 m\u011b v\u00edc &#8230;&#8220; button_link=&#8220;http:\/\/www.skiresort.cz\/cs\/lyze-a-snih\/ski-arealy\/pec-pod-snezkou-lanovky-a-trate.html&#8220; url_new_window=&#8220;on&#8220; image=&#8220;http:\/\/www.black-hill.cz\/wp-content\/uploads\/2023\/03\/pec_mapa.jpg&#8220; _builder_version=&#8220;4.20.2&#8243; _module_preset=&#8220;257484ef-51f8-4041-bb73-6f7ddbac4e8b&#8220; global_colors_info=&#8220;{}&#8220; sticky_transition=&#8220;on&#8220;]<\/p>\n<p>Modern\u00ed are\u00e1l vhodn\u00fd pro sportovn\u00ed i rekrea\u010dn\u00ed ly\u017eov\u00e1n\u00ed a snowboarding.<br \/>Z celkov\u00e9 d\u00e9lky 12,5 km je 73% sjezdovek je vybaveno um\u011bl\u00fdm zasn\u011b\u017eov\u00e1n\u00edm. Trat\u011b s \u010dasom\u00edrou pro sjezd i ob\u0159\u00ed slalom. V are\u00e1lu najdete Funpark a Snowpark s p\u0159ek\u00e1\u017ekami a skoky.<br \/>Ve\u010dern\u00ed ly\u017eov\u00e1n\u00ed d\u00edky um\u011bl\u00e9mu osv\u011btlen\u00ed sjezdovek Javor 1 a 2, Zahr\u00e1dky 3.<\/p>\n<p>[\/et_pb_slide][et_pb_slide heading=&#8220;\u010cERN\u00dd D\u016eL&#8220; button_text=&#8220;Zaj\u00edm\u00e1 m\u011b v\u00edc &#8230;&#8220; button_link=&#8220;http:\/\/www.skiresort.cz\/cs\/lyze-a-snih\/ski-arealy\/cerny-dul.html&#8220; url_new_window=&#8220;on&#8220; image=&#8220;http:\/\/www.black-hill.cz\/wp-content\/uploads\/2023\/03\/c_dul_mapa.jpg&#8220; _builder_version=&#8220;4.20.2&#8243; _module_preset=&#8220;257484ef-51f8-4041-bb73-6f7ddbac4e8b&#8220; global_colors_info=&#8220;{}&#8220; sticky_transition=&#8220;on&#8220;]<\/p>\n<p>Are\u00e1l vhodn\u00fd pro rekrea\u010dn\u00ed ly\u017eov\u00e1n\u00ed a snowboarding.<br \/>Doporu\u010dujeme za\u010d\u00e1te\u010dn\u00edk\u016fm a rodin\u00e1m s d\u011btmi. Z celkov\u00e9 d\u00e9lky 6,5 km je 69% sjezdovek je vybaveno um\u011bl\u00fdm zasn\u011b\u017eov\u00e1n\u00edm. V are\u00e1lu je nejv\u011bt\u0161\u00ed d\u011btsk\u00fd ly\u017ea\u0159sk\u00fd park SkiResortu s kompletn\u00ed nab\u00eddkou slu\u017eeb \u2013 Ski &amp; Snowboard Academy D\u011btsk\u00fd Park.<\/p>\n<p>[\/et_pb_slide][et_pb_slide heading=&#8220;SVOBODA NAD \u00daPOU&#8220; button_text=&#8220;Zaj\u00edm\u00e1 m\u011b v\u00edc &#8230;&#8220; button_link=&#8220;http:\/\/www.skiresort.cz\/cs\/lyze-a-snih\/ski-arealy\/svoboda-nad-upou.html&#8220; url_new_window=&#8220;on&#8220; image=&#8220;http:\/\/www.black-hill.cz\/wp-content\/uploads\/2023\/03\/svoboda_mapa.jpg&#8220; _builder_version=&#8220;4.20.2&#8243; _module_preset=&#8220;257484ef-51f8-4041-bb73-6f7ddbac4e8b&#8220; global_colors_info=&#8220;{}&#8220; sticky_transition=&#8220;on&#8220;]<\/p>\n<p>Nejmen\u0161\u00ed, ale velmi p\u0159\u00edjemn\u00fd are\u00e1l pro rodiny s mal\u00fdmi d\u011btmi a pro za\u010d\u00e1te\u010dn\u00edky. Vhodn\u00fd hlavn\u011b pro rekrea\u010dn\u00ed ly\u017eov\u00e1n\u00ed a snowboarding. Na trati ob\u0159\u00edho slalomu s \u010dasom\u00edrou si m\u016f\u017eete zm\u011b\u0159it svoji rychlost. Ve\u010dern\u00ed ly\u017eov\u00e1n\u00ed d\u00edky um\u011bl\u00e9mu osv\u011btlen\u00ed sjezdovek Duncan 1 a Duncan 2.<\/p>\n<p>[\/et_pb_slide][et_pb_slide heading=&#8220;\u010cERN\u00c1 HORA (JANSK\u00c9 L\u00c1ZN\u011a)&#8220; button_text=&#8220;Zaj\u00edm\u00e1 m\u011b v\u00edc &#8230;&#8220; button_link=&#8220;http:\/\/www.skiresort.cz\/cs\/lyze-a-snih\/ski-arealy\/janske-lazne-lanovky-a-trate.html&#8220; url_new_window=&#8220;on&#8220; image=&#8220;http:\/\/www.black-hill.cz\/wp-content\/uploads\/2023\/03\/pec_mapa.jpg&#8220; _builder_version=&#8220;4.20.2&#8243; _module_preset=&#8220;257484ef-51f8-4041-bb73-6f7ddbac4e8b&#8220; global_colors_info=&#8220;{}&#8220; sticky_transition=&#8220;on&#8220;]<\/p>\n<p>Modern\u00ed are\u00e1l vhodn\u00fd pro sportovn\u00ed i rekrea\u010dn\u00ed ly\u017eov\u00e1n\u00ed a snowboarding.<br \/>Obl\u00edben\u00fd zejm\u00e9na d\u00edky jedin\u00e9 osmim\u00edstn\u00e9 kabinkov\u00e9 lanovce v \u010cR nazvan\u00e9 \u010cernohorsk\u00fd Express. Pr\u00e1v\u011b na \u010cern\u00e9 ho\u0159e najdete jedny z nejdel\u0161\u00edch, a\u017e t\u0159\u00edkilometrov\u00fdch sjezdovek v \u010cesku. Na trati ob\u0159\u00edho slalomu s \u010dasom\u00edrou (MS2) si m\u016f\u017eete zm\u011b\u0159it svoji rychlost. Dv\u011b d\u011btsk\u00e9 lokality (Sporty, Form\u00e1nek) se z\u00e1zem\u00edm. Apr\u00e8s Ski (FordBar) i restaurace na sjezdovk\u00e1ch.<br \/>Z celkov\u00e9 d\u00e9lky 15 km 70% sjezdovek je vybaveno um\u011bl\u00fdm zasn\u011b\u017eov\u00e1n\u00edm.<br \/>Ve\u010dern\u00ed ly\u017eov\u00e1n\u00ed na Prot\u011b\u017ei, co\u017e je nejdel\u0161\u00ed osv\u011btlen\u00e1 sjezdovka v \u010cesku.<\/p>\n<p>[\/et_pb_slide][et_pb_slide heading=&#8220;VELK\u00c1 \u00daPA&#8220; button_text=&#8220;Zaj\u00edm\u00e1 m\u011b v\u00edc &#8230;&#8220; button_link=&#8220;http:\/\/www.skiresort.cz\/cs\/lyze-a-snih\/ski-arealy\/velka-upa.html&#8220; url_new_window=&#8220;on&#8220; image=&#8220;http:\/\/www.black-hill.cz\/wp-content\/uploads\/2023\/03\/velka_upa_mapa.jpg&#8220; _builder_version=&#8220;4.20.2&#8243; _module_preset=&#8220;257484ef-51f8-4041-bb73-6f7ddbac4e8b&#8220; body_text_color=&#8220;#FFFFFF&#8220; global_colors_info=&#8220;{}&#8220; sticky_transition=&#8220;on&#8220;]<\/p>\n<p>Men\u0161\u00ed are\u00e1l pro ly\u017eov\u00e1n\u00ed a snowboarding, kde si u\u017eij\u00ed sportovn\u00ed, rekrea\u010dn\u00ed ly\u017ea\u0159i i rodiny s d\u011btmi. Celkov\u00e1 d\u00e9lka 2,5 km sjezdovek je kompletn\u011b vybavena um\u011bl\u00fdm zasn\u011b\u017eov\u00e1n\u00edm. Ve\u010dern\u00ed ly\u017eov\u00e1n\u00ed d\u00edky um\u011bl\u00e9mu osv\u011btlen\u00ed sjezdovky Mod\u0159\u00edn.<\/p>\n<p>[\/et_pb_slide][\/et_pb_slider][\/et_pb_column][\/et_pb_row][et_pb_row _builder_version=&#8220;4.20.2&#8243; _module_preset=&#8220;default&#8220; custom_margin=&#8220;22px|auto||auto||&#8220; global_colors_info=&#8220;{}&#8220;][et_pb_column type=&#8220;4_4&#8243; _builder_version=&#8220;4.20.2&#8243; _module_preset=&#8220;default&#8220; global_colors_info=&#8220;{}&#8220;][et_pb_blurb title=&#8220;N\u00e1\u0161 tip&#8220; use_icon=&#8220;on&#8220; font_icon=&#8220;&#xf00c;||fa||900&#8243; icon_color=&#8220;#6699CC&#8220; icon_placement=&#8220;left&#8220; image_icon_width=&#8220;111px&#8220; content_max_width=&#8220;690px&#8220; content_max_width_tablet=&#8220;690px&#8220; content_max_width_phone=&#8220;&#8220; content_max_width_last_edited=&#8220;on|phone&#8220; disabled_on=&#8220;on|off|off&#8220; _builder_version=&#8220;4.20.4&#8243; _module_preset=&#8220;default&#8220; background_color=&#8220;rgba(102,153,204,0.12)&#8220; image_icon_custom_margin=&#8220;|43px|||false|false&#8220; image_icon_custom_padding=&#8220;0px|0px|0px|0px|false|false&#8220; module_alignment=&#8220;center&#8220; custom_padding=&#8220;30px||30px||true|false&#8220; box_shadow_style=&#8220;preset3&#8243; box_shadow_spread=&#8220;-21px&#8220; global_colors_info=&#8220;{}&#8220;]<\/p>\n<p>Vedle sjezdov\u00e9ho ly\u017eov\u00e1n\u00ed si lze vybrat i z \u0159ady\u00a0<a href=\"http:\/\/www.skiresort.cz\/cs\/lyze-a-snih\/vice-nez-lyzovani\/bezecke-trate.html\" target=\"_blank\" rel=\"noopener\"><strong>b\u011b\u017eeck\u00fdch trat\u00ed<\/strong><\/a> . D\u00e1le lze \u010cernou horu sjet i po <a href=\"http:\/\/www.skiresort.cz\/cs\/lyze-a-snih\/vice-nez-lyzovani\/sankarska-cesta.html\" target=\"_blank\" rel=\"noopener\"><strong>s\u00e1\u0148ka\u0159sk\u00e9 dr\u00e1ze<\/strong><\/a>\u00a0nebo si u\u017e\u00edt v\u00a0<a href=\"http:\/\/www.skiresort.cz\/cs\/lyze-a-snih\/vice-nez-lyzovani\/snowpark.html\" target=\"_blank\" rel=\"noopener\"><strong>nejv\u011bt\u0161\u00edm snowparku v \u010cR<\/strong><\/a>\u00a0v Peci pod Sn\u011b\u017ekou.<\/p>\n<p>[\/et_pb_blurb][et_pb_blurb title=&#8220;N\u00e1\u0161 tip&#8220; use_icon=&#8220;on&#8220; font_icon=&#8220;&#xf00c;||fa||900&#8243; icon_color=&#8220;#6699CC&#8220; image_icon_width=&#8220;111px&#8220; content_max_width=&#8220;690px&#8220; image_icon_width_tablet=&#8220;111px&#8220; image_icon_width_phone=&#8220;62px&#8220; image_icon_width_last_edited=&#8220;on|phone&#8220; content_max_width_tablet=&#8220;690px&#8220; content_max_width_phone=&#8220;&#8220; content_max_width_last_edited=&#8220;on|phone&#8220; disabled_on=&#8220;off|on|on&#8220; _builder_version=&#8220;4.20.4&#8243; _module_preset=&#8220;default&#8220; background_color=&#8220;rgba(102,153,204,0.12)&#8220; image_icon_custom_margin=&#8220;|43px|||false|false&#8220; image_icon_custom_padding=&#8220;0px|0px|0px|0px|false|false&#8220; text_orientation=&#8220;center&#8220; module_alignment=&#8220;center&#8220; custom_padding=&#8220;30px||30px||true|false&#8220; box_shadow_style=&#8220;preset3&#8243; box_shadow_spread=&#8220;-21px&#8220; global_colors_info=&#8220;{}&#8220;]<\/p>\n<p>Vedle sjezdov\u00e9ho ly\u017eov\u00e1n\u00ed si lze vybrat i z \u0159ady\u00a0<a href=\"http:\/\/www.skiresort.cz\/cs\/lyze-a-snih\/vice-nez-lyzovani\/bezecke-trate.html\" target=\"_blank\" rel=\"noopener\"><strong>b\u011b\u017eeck\u00fdch trat\u00ed<\/strong><\/a> . D\u00e1le lze \u010cernou horu sjet i po <a href=\"http:\/\/www.skiresort.cz\/cs\/lyze-a-snih\/vice-nez-lyzovani\/sankarska-cesta.html\" target=\"_blank\" rel=\"noopener\"><strong>s\u00e1\u0148ka\u0159sk\u00e9 dr\u00e1ze<\/strong><\/a>\u00a0nebo si u\u017e\u00edt v\u00a0<a href=\"http:\/\/www.skiresort.cz\/cs\/lyze-a-snih\/vice-nez-lyzovani\/snowpark.html\" target=\"_blank\" rel=\"noopener\"><strong>nejv\u011bt\u0161\u00edm snowparku v \u010cR<\/strong><\/a>\u00a0v Peci pod Sn\u011b\u017ekou.<\/p>\n<p>[\/et_pb_blurb][\/et_pb_column][\/et_pb_row][\/et_pb_section][et_pb_section fb_built=&#8220;1&#8243; _builder_version=&#8220;4.20.2&#8243; _module_preset=&#8220;default&#8220; background_color=&#8220;#FAF5EF&#8220; custom_padding=&#8220;100px||120px||false|false&#8220; global_colors_info=&#8220;{}&#8220;][et_pb_row module_id=&#8220;leto&#8220; _builder_version=&#8220;4.20.2&#8243; _module_preset=&#8220;default&#8220; custom_margin=&#8220;-76px|auto||auto||&#8220; global_colors_info=&#8220;{}&#8220;][et_pb_column type=&#8220;4_4&#8243; _builder_version=&#8220;4.20.2&#8243; _module_preset=&#8220;default&#8220; global_colors_info=&#8220;{}&#8220;][et_pb_text _builder_version=&#8220;4.20.2&#8243; _module_preset=&#8220;default&#8220; header_2_text_color=&#8220;#AB814F&#8220; custom_margin=&#8220;29px|||||&#8220; global_colors_info=&#8220;{}&#8220;]<\/p>\n<h2><strong>L\u00e9to<\/strong><\/h2>\n<p>[\/et_pb_text][\/et_pb_column][\/et_pb_row][et_pb_row _builder_version=&#8220;4.20.2&#8243; _module_preset=&#8220;default&#8220; global_colors_info=&#8220;{}&#8220;][et_pb_column type=&#8220;4_4&#8243; _builder_version=&#8220;4.20.2&#8243; _module_preset=&#8220;default&#8220; global_colors_info=&#8220;{}&#8220;][et_pb_text _builder_version=&#8220;4.20.2&#8243; _module_preset=&#8220;default&#8220; header_4_text_color=&#8220;#AB814F&#8220; custom_margin=&#8220;||-4px|||&#8220; global_colors_info=&#8220;{}&#8220;]<\/p>\n<h4 style=\"text-align: center;\"><strong>TIPY NA V\u00ddLET<br \/><\/strong><\/h4>\n<p>[\/et_pb_text][\/et_pb_column][\/et_pb_row][et_pb_row make_equal=&#8220;on&#8220; _builder_version=&#8220;4.20.2&#8243; _module_preset=&#8220;default&#8220; global_colors_info=&#8220;{}&#8220;][et_pb_column type=&#8220;4_4&#8243; _builder_version=&#8220;4.20.2&#8243; _module_preset=&#8220;default&#8220; global_colors_info=&#8220;{}&#8220;][et_pb_slider _builder_version=&#8220;4.20.2&#8243; _module_preset=&#8220;default&#8220; custom_margin=&#8220;||55px|||&#8220; global_colors_info=&#8220;{}&#8220;][et_pb_slide heading=&#8220;SN\u011a\u017dKA \u2013 NEJVY\u0160\u0160\u00cd HORA \u010cR&#8220; button_text=&#8220;Chci se dozv\u011bd\u011bt v\u00edc &#8230;&#8220; button_link=&#8220;http:\/\/www.snezkalanovka.cz\/&#8220; url_new_window=&#8220;on&#8220; image=&#8220;http:\/\/www.black-hill.cz\/wp-content\/uploads\/2023\/03\/vylet-snezka.jpg&#8220; _builder_version=&#8220;4.20.2&#8243; _module_preset=&#8220;a9af4a0b-6828-4124-8d7a-f83fd2ec286c&#8220; header_font_size=&#8220;45px&#8220; global_colors_info=&#8220;{}&#8220; sticky_transition=&#8220;on&#8220;]<\/p>\n<p>Vrchol Sn\u011b\u017eky (1602 m.n.m.) p\u0159itahuje poutn\u00edky u\u017e p\u0159es p\u011bt set let. Jej\u00ed pojmenov\u00e1n\u00ed je odvozeno od p\u0159\u00eddavn\u00e9ho jm\u00e9na sn\u011b\u017en\u00e1 \u2013 sn\u011bhem pokryt\u00e1.<\/p>\n<p>[\/et_pb_slide][et_pb_slide heading=&#8220;STEZKA KORUNAMI STROM\u016e&#8220; button_text=&#8220;Chci se dozv\u011bd\u011bt v\u00edc &#8230;&#8220; button_link=&#8220;https:\/\/www.stezkakrkonose.cz\/&#8220; url_new_window=&#8220;on&#8220; image=&#8220;http:\/\/www.black-hill.cz\/wp-content\/uploads\/2023\/03\/vylet-stezka_korunami_stromu.jpg&#8220; _builder_version=&#8220;4.20.2&#8243; _module_preset=&#8220;a9af4a0b-6828-4124-8d7a-f83fd2ec286c&#8220; header_font_size=&#8220;45px&#8220; global_colors_info=&#8220;{}&#8220; sticky_transition=&#8220;on&#8220;]<\/p>\n<p>Stezka korunami strom\u016f se nach\u00e1z\u00ed v srdci majest\u00e1tn\u00edch les\u016f Krkono\u0161sk\u00e9ho n\u00e1rodn\u00edho parku.<\/p>\n<p>Uk\u00e1\u017eeme v\u00e1m, v \u010dem je p\u0159\u00edroda Krkono\u0161 jedine\u010dn\u00e1. Spole\u010dn\u011b s n\u00e1mi pozn\u00e1te zdej\u0161\u00ed kr\u00e1sn\u00e9 lesy doslova od ko\u0159en\u016f a\u017e po jejich koruny. Stanete se sou\u010d\u00e1st\u00ed lesn\u00edho \u017eivota a pozn\u00e1te \u0159adu \u017eivo\u010dich\u016f i rostlin, kter\u00e9 nenajdete nikde jinde.<\/p>\n<p>[\/et_pb_slide][et_pb_slide heading=&#8220;HORNICK\u00dd SKAZEN \u017dACL\u00c9\u0158 \u2013 HLUBINN\u00c9 UHELN\u00c9 DOLOV\u00c1N\u00cd&#8220; button_text=&#8220;Chci se dozv\u011bd\u011bt v\u00edc &#8230;&#8220; button_link=&#8220;http:\/\/www.hornickyskanzenzacler.cz\/&#8220; url_new_window=&#8220;on&#8220; image=&#8220;http:\/\/www.black-hill.cz\/wp-content\/uploads\/2023\/03\/vylet-hornicky_skanzen.jpg&#8220; _builder_version=&#8220;4.20.2&#8243; _module_preset=&#8220;a9af4a0b-6828-4124-8d7a-f83fd2ec286c&#8220; global_colors_info=&#8220;{}&#8220; sticky_transition=&#8220;on&#8220;]<\/p>\n<p>Are\u00e1l dolu Jan \u0160verma je posledn\u00ed dochovalou pam\u00e1tkou na hlubinn\u00e9 uheln\u00e9 hornictv\u00ed ve v\u00fdchodn\u00edch \u010cech\u00e1ch, kter\u00e9 je p\u00edsemn\u011b dokumentov\u00e1no ji\u017e od 16. stolet\u00ed. Komplexy budov t\u011b\u017en\u00edch soubor\u016f jam Jan a Julie jsou prohl\u00e1\u0161eny kulturn\u00edmi pam\u00e1tkami \u010cR. Ve strojovn\u00e1ch t\u011b\u017en\u00edch stroj\u016f a v \u0161achetn\u00edch budov\u00e1ch je vytvo\u0159ena expozice, kter\u00e1 pln\u011b ukazuje pohyb d\u016fln\u00edch voz\u016f na povrchu b\u00fdval\u00e9ho dolu, d\u00e1le je k vid\u011bn\u00ed expozice star\u00fdch d\u016fln\u00edch map, paleontologick\u00fdch n\u00e1lez\u016f, ale i fotodokumentace z minul\u00e9ho provozu dolu. K expozici rovn\u011b\u017e pat\u0159\u00ed mo\u017enost prohl\u00eddky \u010dasti j\u00e1my Julie, v\u011btrac\u00edho kan\u00e1lu a za\u0159\u00edzen\u00ed ventil\u00e1torovny, d\u00e1le i vyhl\u00eddky na panorama Krkono\u0161 a Kr\u00e1loveck\u00e9ho \u0160pi\u010d\u00e1ku z t\u011b\u017en\u00ed v\u011b\u017ee j\u00e1my Jan.<\/p>\n<p>[\/et_pb_slide][et_pb_slide heading=&#8220;D\u011aLOST\u0158ELECK\u00c1 TVRZ STACHELBERG \u2013 VOJENSK\u00c9 MUZEUM&#8220; button_text=&#8220;Chci se dozv\u011bd\u011bt v\u00edc &#8230;&#8220; button_link=&#8220;http:\/\/www.hornickyskanzenzacler.cz\/&#8220; url_new_window=&#8220;on&#8220; image=&#8220;http:\/\/www.black-hill.cz\/wp-content\/uploads\/2023\/03\/vylet-delostrelceka_tvrz.jpg&#8220; _builder_version=&#8220;4.20.2&#8243; _module_preset=&#8220;a9af4a0b-6828-4124-8d7a-f83fd2ec286c&#8220; global_colors_info=&#8220;{}&#8220; sticky_transition=&#8220;on&#8220;]<\/p>\n<p>Stachelberg\u00a0tvo\u0159il sou\u010d\u00e1st pohrani\u010dn\u00edho opevn\u011bn\u00ed proti hitlerovsk\u00e9mu N\u011bmecku. Byl rozestav\u011bn v \u0159\u00edjnu 1937 jako nejv\u011bt\u0161\u00ed \u010deskoslovensk\u00e1 d\u011blost\u0159eleck\u00e1 tvrz a jedna z nejv\u011bt\u0161\u00edch pevnost\u00ed sv\u00e9ho typu v celosv\u011btov\u00e9m m\u011b\u0159\u00edtku. Jeho v\u00fdstavbu p\u0159eru\u0161ila mnichovsk\u00e1 dohoda a odstoupen\u00ed pohrani\u010d\u00ed N\u011bmecku v \u0159\u00edjnu 1938. M\u011bl m\u00edt 12 objekt\u016f (bunkr\u016f) spojen\u00fdch rozs\u00e1hl\u00fdm podzem\u00edm. Za necel\u00fd rok v\u00fdstavby se poda\u0159ilo vyl\u00e1mat podzemn\u00ed prostory a na povrchu vybetonovat jeden bunkr.<\/p>\n<p>[\/et_pb_slide][et_pb_slide heading=&#8220;HERN\u00cd KRAJINA PECKA&#8220; button_text=&#8220;Chci se dozv\u011bd\u011bt v\u00edc &#8230;&#8220; button_link=&#8220;http:\/\/www.hornickyskanzenzacler.cz\/&#8220; url_new_window=&#8220;on&#8220; image=&#8220;http:\/\/www.black-hill.cz\/wp-content\/uploads\/2023\/03\/vylet-delostrelceka_tvrz.jpg&#8220; _builder_version=&#8220;4.20.2&#8243; _module_preset=&#8220;a9af4a0b-6828-4124-8d7a-f83fd2ec286c&#8220; global_colors_info=&#8220;{}&#8220; sticky_transition=&#8220;on&#8220;]<\/p>\n<p><strong>Hern\u00ed krajina Pecka<\/strong> se prost\u00edr\u00e1 mezi pozn\u00e1n\u00edm p\u0159\u00edrody, z\u00e1\u017eitkem z architektury a fantaskn\u00ed hravost\u00ed ve v\u00fd\u0161ce 1062 m n. m. Unik\u00e1tn\u00ed soubor d\u0159ev\u011bn\u00fdch interaktivn\u00edch soch a objekt\u016f na motivy krkono\u0161sk\u00e9 fauny nab\u00edz\u00ed nad\u017eivotn\u00ed setk\u00e1n\u00ed se zv\u00ed\u0159ec\u00edmi obyvateli nejvy\u0161\u0161\u00edch \u010desk\u00fdch hor. Str\u010dit hlavu do tlamy rysovi, povozit se jelenovi v paro\u017e\u00ed, zm\u011b\u0159it s\u00edly s v\u00fdbojn\u00fdmi mravenci nebo vy\u0161plhat \u010d\u00e1povi do hn\u00edzda m\u016f\u017ee b\u00fdt pou\u010dn\u00e9, stejn\u011b jako z\u00e1bavn\u00e9.<\/p>\n<p><strong>Vstup na vlastn\u00ed dobrodru\u017estv\u00ed<\/strong>, jinak zdarma.<\/p>\n<p>[\/et_pb_slide][\/et_pb_slider][\/et_pb_column][\/et_pb_row][et_pb_row _builder_version=&#8220;4.20.2&#8243; _module_preset=&#8220;default&#8220; custom_padding=&#8220;55px|||||&#8220; global_colors_info=&#8220;{}&#8220;][et_pb_column type=&#8220;4_4&#8243; _builder_version=&#8220;4.20.2&#8243; _module_preset=&#8220;default&#8220; global_colors_info=&#8220;{}&#8220;][et_pb_blurb title=&#8220;N\u00e1\u0161 tip&#8220; use_icon=&#8220;on&#8220; font_icon=&#8220;&#xf00c;||fa||900&#8243; icon_color=&#8220;#AB814F&#8220; icon_placement=&#8220;left&#8220; image_icon_width=&#8220;111px&#8220; content_max_width=&#8220;690px&#8220; disabled_on=&#8220;on|off|off&#8220; _builder_version=&#8220;4.20.4&#8243; _module_preset=&#8220;default&#8220; background_color=&#8220;rgba(102,153,204,0.12)&#8220; image_icon_custom_margin=&#8220;|43px|||false|false&#8220; image_icon_custom_padding=&#8220;0px|0px|0px|0px|false|false&#8220; width=&#8220;750px&#8220; module_alignment=&#8220;center&#8220; custom_padding=&#8220;30px||30px||true|false&#8220; box_shadow_style=&#8220;preset3&#8243; box_shadow_spread=&#8220;-21px&#8220; global_colors_info=&#8220;{}&#8220;]<\/p>\n<p><strong>V \u010cern\u00e9m Dole a okol\u00ed se nach\u00e1z\u00ed mnoho zaj\u00edmav\u00fdch m\u00edst pro p\u011b\u0161\u00ed turistiku i cykloturistiku<\/strong>.<\/p>\n<ul>\n<li>I b\u011bhem l\u00e9ta je v provozu kabinkov\u00e1 lanovka vedouc\u00ed na vrchol \u010cern\u00e9 hory.<\/li>\n<li>Mimo p\u011b\u0161\u00edch a cyklistick\u00fdch stezek si lze t\u00e9\u017e vyp\u016fj\u010dit horskou kolob\u011b\u017eku a sjet \u010cernou horu na n\u00ed.<\/li>\n<li>V Peci pod Sn\u011b\u017ekou lze pro zm\u011bnu vyu\u017e\u00edt horsk\u00e9 bobov\u00e9 dr\u00e1hy nebo lanov\u00e9ho parku.<\/li>\n<li>Dal\u0161\u00edm tipem na v\u00fdlet m\u016f\u017ee b\u00fdt nedalek\u00e1 ZOO ve Dvo\u0159e Kr\u00e1lov\u00e9.<\/li>\n<li>V\u00edce informac\u00ed o mo\u017enostech pro\u017eit\u00ed aktivn\u00ed dovolen\u00e9 naleznete tak\u00e9 zde: \u00a0\u00a0<a href=\"http:\/\/leto.skiresort.cz\/\" target=\"_blank\" rel=\"noopener\">http:\/\/leto.skiresort.cz\/<\/a><\/li>\n<\/ul>\n<p>[\/et_pb_blurb][et_pb_blurb title=&#8220;N\u00e1\u0161 tip&#8220; use_icon=&#8220;on&#8220; font_icon=&#8220;&#xf00c;||fa||900&#8243; icon_color=&#8220;#AB814F&#8220; image_icon_width=&#8220;111px&#8220; content_max_width=&#8220;690px&#8220; image_icon_width_tablet=&#8220;111px&#8220; image_icon_width_phone=&#8220;80px&#8220; image_icon_width_last_edited=&#8220;on|phone&#8220; disabled_on=&#8220;off|on|on&#8220; _builder_version=&#8220;4.20.4&#8243; _module_preset=&#8220;default&#8220; body_ul_text_align=&#8220;center&#8220; background_color=&#8220;rgba(102,153,204,0.12)&#8220; image_icon_custom_margin=&#8220;|43px|||false|false&#8220; image_icon_custom_padding=&#8220;0px|0px|0px|0px|false|false&#8220; text_orientation=&#8220;center&#8220; width=&#8220;750px&#8220; module_alignment=&#8220;center&#8220; custom_padding=&#8220;30px||30px||true|false&#8220; box_shadow_style=&#8220;preset3&#8243; box_shadow_spread=&#8220;-21px&#8220; global_colors_info=&#8220;{}&#8220;]<\/p>\n<p><strong>V \u010cern\u00e9m Dole a okol\u00ed se nach\u00e1z\u00ed mnoho zaj\u00edmav\u00fdch m\u00edst pro p\u011b\u0161\u00ed turistiku i cykloturistiku<\/strong>.<\/p>\n<ul>\n<li>I b\u011bhem l\u00e9ta je v provozu kabinkov\u00e1 lanovka vedouc\u00ed na vrchol \u010cern\u00e9 hory.<\/li>\n<li>Mimo p\u011b\u0161\u00edch a cyklistick\u00fdch stezek si lze t\u00e9\u017e vyp\u016fj\u010dit horskou kolob\u011b\u017eku a sjet \u010cernou horu na n\u00ed.<\/li>\n<li>V Peci pod Sn\u011b\u017ekou lze pro zm\u011bnu vyu\u017e\u00edt horsk\u00e9 bobov\u00e9 dr\u00e1hy nebo lanov\u00e9ho parku.<\/li>\n<li>Dal\u0161\u00edm tipem na v\u00fdlet m\u016f\u017ee b\u00fdt nedalek\u00e1 ZOO ve Dvo\u0159e Kr\u00e1lov\u00e9.<\/li>\n<li>V\u00edce informac\u00ed o mo\u017enostech pro\u017eit\u00ed aktivn\u00ed dovolen\u00e9 naleznete tak\u00e9 zde: \u00a0\u00a0<a href=\"http:\/\/leto.skiresort.cz\/\" target=\"_blank\" rel=\"noopener\">http:\/\/leto.skiresort.cz\/<\/a><\/li>\n<\/ul>\n<p>[\/et_pb_blurb][et_pb_text _builder_version=&#8220;4.20.2&#8243; _module_preset=&#8220;default&#8220; global_colors_info=&#8220;{}&#8220;][\/et_pb_text][\/et_pb_column][\/et_pb_row][\/et_pb_section][et_pb_section fb_built=&#8220;1&#8243; fullwidth=&#8220;on&#8220; _builder_version=&#8220;4.20.2&#8243; _module_preset=&#8220;default&#8220; background_color=&#8220;#AB814F&#8220; global_colors_info=&#8220;{}&#8220;][et_pb_fullwidth_code _builder_version=&#8220;4.20.2&#8243; _module_preset=&#8220;default&#8220; global_colors_info=&#8220;{}&#8220;]<iframe src=\"https:\/\/www.google.com\/maps\/embed?pb=!1m18!1m12!1m3!1d40499.46098622354!2d15.674140200719815!3d50.62309831722414!2m3!1f0!2f0!3f0!3m2!1i1024!2i768!4f13.1!3m3!1m2!1s0x470eeca9f8c20815%3A0x1908acc4864d41ec!2zxIxpc3TDoSB2IEtya29ub8Whw61jaCAyNSwgNTQzIDQ0IMSMZXJuw70gRMWvbA!5e0!3m2!1scs!2scz!4v1679570451352!5m2!1scs!2scz\" width=\"100%\" height=\"600\" style=\"border:0;\" allowfullscreen=\"\" loading=\"lazy\" referrerpolicy=\"no-referrer-when-downgrade\"><\/iframe>[\/et_pb_fullwidth_code][\/et_pb_section]<\/p>\n","protected":false},"excerpt":{"rendered":"<p>ZimaDobr\u00e1 poloha umo\u017e\u0148uje \u0161irok\u00fd v\u00fdb\u011br ly\u017ea\u0159sk\u00fdch st\u0159edisek v okol\u00ed. Mo\u017enost vyu\u017eit\u00ed bezplatn\u00e9ho SkiBusu. Zast\u00e1vka cca 100m od apartm\u00e1n\u016f. J\u00edzdn\u00ed \u0159\u00e1dy a v\u00edce info: http:\/\/www.skiresort.cz\/cs\/parkoviste-skibusy\/skibusy.htmlSkiResort \u010cern\u00e1 hora -Pec Resort zahrnuj\u00edc\u00ed 37, 6 km sjezdovek.v\u00edce info:\u00a0www.skiresort.czLY\u017dA\u0158SK\u00c9 ARE\u00c1LYModern\u00ed are\u00e1l vhodn\u00fd pro sportovn\u00ed i rekrea\u010dn\u00ed ly\u017eov\u00e1n\u00ed a snowboarding.Z celkov\u00e9 d\u00e9lky 12,5 km je 73% sjezdovek je vybaveno um\u011bl\u00fdm zasn\u011b\u017eov\u00e1n\u00edm. [&hellip;]<\/p>\n","protected":false},"author":1,"featured_media":0,"parent":0,"menu_order":0,"comment_status":"closed","ping_status":"closed","template":"","meta":{"_et_pb_use_builder":"on","_et_pb_old_content":"","_et_gb_content_width":"","footnotes":""},"class_list":["post-178","page","type-page","status-publish","hentry"],"yoast_head":"<!-- This site is optimized with the Yoast SEO plugin v22.8 - https:\/\/yoast.com\/wordpress\/plugins\/seo\/ -->\n<title>V\u00fdlety po okol\u00ed - black-hill.cz<\/title>\n<meta name=\"robots\" content=\"index, follow, max-snippet:-1, max-image-preview:large, max-video-preview:-1\" \/>\n<link rel=\"canonical\" href=\"https:\/\/www.black-hill.cz\/?page_id=178\" \/>\n<meta property=\"og:locale\" content=\"cs_CZ\" \/>\n<meta property=\"og:type\" content=\"article\" \/>\n<meta property=\"og:title\" content=\"V\u00fdlety po okol\u00ed - black-hill.cz\" \/>\n<meta property=\"og:url\" content=\"https:\/\/www.black-hill.cz\/?page_id=178\" \/>\n<meta property=\"og:site_name\" content=\"black-hill.cz\" \/>\n<meta property=\"article:modified_time\" content=\"2023-05-21T13:53:03+00:00\" \/>\n<meta name=\"twitter:card\" content=\"summary_large_image\" \/>\n<script type=\"application\/ld+json\" class=\"yoast-schema-graph\">{\"@context\":\"https:\/\/schema.org\",\"@graph\":[{\"@type\":\"WebPage\",\"@id\":\"https:\/\/www.black-hill.cz\/?page_id=178\",\"url\":\"https:\/\/www.black-hill.cz\/?page_id=178\",\"name\":\"V\u00fdlety po okol\u00ed - black-hill.cz\",\"isPartOf\":{\"@id\":\"https:\/\/www.black-hill.cz\/#website\"},\"datePublished\":\"2023-03-23T12:10:37+00:00\",\"dateModified\":\"2023-05-21T13:53:03+00:00\",\"breadcrumb\":{\"@id\":\"https:\/\/www.black-hill.cz\/?page_id=178#breadcrumb\"},\"inLanguage\":\"cs\",\"potentialAction\":[{\"@type\":\"ReadAction\",\"target\":[\"https:\/\/www.black-hill.cz\/?page_id=178\"]}]},{\"@type\":\"BreadcrumbList\",\"@id\":\"https:\/\/www.black-hill.cz\/?page_id=178#breadcrumb\",\"itemListElement\":[{\"@type\":\"ListItem\",\"position\":1,\"name\":\"Home\",\"item\":\"https:\/\/www.black-hill.cz\/\"},{\"@type\":\"ListItem\",\"position\":2,\"name\":\"V\u00fdlety po okol\u00ed\"}]},{\"@type\":\"WebSite\",\"@id\":\"https:\/\/www.black-hill.cz\/#website\",\"url\":\"https:\/\/www.black-hill.cz\/\",\"name\":\"black-hill.cz\",\"description\":\"Luxusn\u00ed apartm\u00e1ny v \u010cern\u00e9m Dole v Krkono\u0161\u00edch\",\"potentialAction\":[{\"@type\":\"SearchAction\",\"target\":{\"@type\":\"EntryPoint\",\"urlTemplate\":\"https:\/\/www.black-hill.cz\/?s={search_term_string}\"},\"query-input\":\"required name=search_term_string\"}],\"inLanguage\":\"cs\"}]}<\/script>\n<!-- \/ Yoast SEO plugin. -->","yoast_head_json":{"title":"V\u00fdlety po okol\u00ed - black-hill.cz","robots":{"index":"index","follow":"follow","max-snippet":"max-snippet:-1","max-image-preview":"max-image-preview:large","max-video-preview":"max-video-preview:-1"},"canonical":"https:\/\/www.black-hill.cz\/?page_id=178","og_locale":"cs_CZ","og_type":"article","og_title":"V\u00fdlety po okol\u00ed - black-hill.cz","og_url":"https:\/\/www.black-hill.cz\/?page_id=178","og_site_name":"black-hill.cz","article_modified_time":"2023-05-21T13:53:03+00:00","twitter_card":"summary_large_image","schema":{"@context":"https:\/\/schema.org","@graph":[{"@type":"WebPage","@id":"https:\/\/www.black-hill.cz\/?page_id=178","url":"https:\/\/www.black-hill.cz\/?page_id=178","name":"V\u00fdlety po okol\u00ed - black-hill.cz","isPartOf":{"@id":"https:\/\/www.black-hill.cz\/#website"},"datePublished":"2023-03-23T12:10:37+00:00","dateModified":"2023-05-21T13:53:03+00:00","breadcrumb":{"@id":"https:\/\/www.black-hill.cz\/?page_id=178#breadcrumb"},"inLanguage":"cs","potentialAction":[{"@type":"ReadAction","target":["https:\/\/www.black-hill.cz\/?page_id=178"]}]},{"@type":"BreadcrumbList","@id":"https:\/\/www.black-hill.cz\/?page_id=178#breadcrumb","itemListElement":[{"@type":"ListItem","position":1,"name":"Home","item":"https:\/\/www.black-hill.cz\/"},{"@type":"ListItem","position":2,"name":"V\u00fdlety po okol\u00ed"}]},{"@type":"WebSite","@id":"https:\/\/www.black-hill.cz\/#website","url":"https:\/\/www.black-hill.cz\/","name":"black-hill.cz","description":"Luxusn\u00ed apartm\u00e1ny v \u010cern\u00e9m Dole v Krkono\u0161\u00edch","potentialAction":[{"@type":"SearchAction","target":{"@type":"EntryPoint","urlTemplate":"https:\/\/www.black-hill.cz\/?s={search_term_string}"},"query-input":"required name=search_term_string"}],"inLanguage":"cs"}]}},"_links":{"self":[{"href":"https:\/\/www.black-hill.cz\/index.php?rest_route=\/wp\/v2\/pages\/178","targetHints":{"allow":["GET"]}}],"collection":[{"href":"https:\/\/www.black-hill.cz\/index.php?rest_route=\/wp\/v2\/pages"}],"about":[{"href":"https:\/\/www.black-hill.cz\/index.php?rest_route=\/wp\/v2\/types\/page"}],"author":[{"embeddable":true,"href":"https:\/\/www.black-hill.cz\/index.php?rest_route=\/wp\/v2\/users\/1"}],"replies":[{"embeddable":true,"href":"https:\/\/www.black-hill.cz\/index.php?rest_route=%2Fwp%2Fv2%2Fcomments&post=178"}],"version-history":[{"count":12,"href":"https:\/\/www.black-hill.cz\/index.php?rest_route=\/wp\/v2\/pages\/178\/revisions"}],"predecessor-version":[{"id":734,"href":"https:\/\/www.black-hill.cz\/index.php?rest_route=\/wp\/v2\/pages\/178\/revisions\/734"}],"wp:attachment":[{"href":"https:\/\/www.black-hill.cz\/index.php?rest_route=%2Fwp%2Fv2%2Fmedia&parent=178"}],"curies":[{"name":"wp","href":"https:\/\/api.w.org\/{rel}","templated":true}]}}